{"id":6402,"date":"2025-10-28T18:31:52","date_gmt":"2025-10-28T17:31:52","guid":{"rendered":"https:\/\/mnbruchepiemont.org\/?page_id=6402"},"modified":"2025-11-12T15:33:47","modified_gmt":"2025-11-12T14:33:47","slug":"photos-pour-vote","status":"publish","type":"page","link":"https:\/\/mnbruchepiemont.org\/?page_id=6402","title":{"rendered":"R\u00e9sultats 2025 Concours Photos"},"content":{"rendered":"<p>&#8211; 1er (photo 005): nid de racines (Roger Leblanc)<\/p>\n<p>&#8211; 2e (photo 004) ancre de bateau (Roger Leblanc)<\/p>\n<p>&#8211; 3e (photo 006): 144,4&#8230;apr\u00e8s la temp\u00eate (No\u00eblle Ropp)<\/p>\n<p><a href=\"https:\/\/mnbruchepiemont.org\/WORDPRESS\/wp-content\/uploads\/001-OK-ontime-350ppp-Still-Manuel-Ginisty-pic-epeiche-scaled.jpg\"><img loading=\"lazy\" decoding=\"async\" class=\"alignnone size-medium wp-image-6390\" src=\"https:\/\/mnbruchepiemont.org\/WORDPRESS\/wp-content\/uploads\/001-OK-ontime-350ppp-Still-Manuel-Ginisty-pic-epeiche-300x200.jpg\" alt=\"001\" width=\"300\" height=\"200\" srcset=\"https:\/\/mnbruchepiemont.org\/WORDPRESS\/wp-content\/uploads\/001-OK-ontime-350ppp-Still-Manuel-Ginisty-pic-epeiche-300x200.jpg 300w, https:\/\/mnbruchepiemont.org\/WORDPRESS\/wp-content\/uploads\/001-OK-ontime-350ppp-Still-Manuel-Ginisty-pic-epeiche-1024x684.jpg 1024w, https:\/\/mnbruchepiemont.org\/WORDPRESS\/wp-content\/uploads\/001-OK-ontime-350ppp-Still-Manuel-Ginisty-pic-epeiche-768x513.jpg 768w, https:\/\/mnbruchepiemont.org\/WORDPRESS\/wp-content\/uploads\/001-OK-ontime-350ppp-Still-Manuel-Ginisty-pic-epeiche-1536x1025.jpg 1536w, https:\/\/mnbruchepiemont.org\/WORDPRESS\/wp-content\/uploads\/001-OK-ontime-350ppp-Still-Manuel-Ginisty-pic-epeiche-2048x1367.jpg 2048w, https:\/\/mnbruchepiemont.org\/WORDPRESS\/wp-content\/uploads\/001-OK-ontime-350ppp-Still-Manuel-Ginisty-pic-epeiche-449x300.jpg 449w\" sizes=\"auto, (max-width: 300px) 100vw, 300px\" \/><\/a><br \/>\n001 &#8211; Manuel Ginisty &#8211; pic \u00e9peiche (Still )<\/p>\n<p><a href=\"https:\/\/mnbruchepiemont.org\/WORDPRESS\/wp-content\/uploads\/002-OK-ontime-350ppp-Molsheim-Manuel-Ginisty-martin-pecheur-scaled.jpg\"><img loading=\"lazy\" decoding=\"async\" class=\"alignnone size-medium wp-image-6391\" src=\"https:\/\/mnbruchepiemont.org\/WORDPRESS\/wp-content\/uploads\/002-OK-ontime-350ppp-Molsheim-Manuel-Ginisty-martin-pecheur-300x200.jpg\" alt=\"\" width=\"300\" height=\"200\" srcset=\"https:\/\/mnbruchepiemont.org\/WORDPRESS\/wp-content\/uploads\/002-OK-ontime-350ppp-Molsheim-Manuel-Ginisty-martin-pecheur-300x200.jpg 300w, https:\/\/mnbruchepiemont.org\/WORDPRESS\/wp-content\/uploads\/002-OK-ontime-350ppp-Molsheim-Manuel-Ginisty-martin-pecheur-1024x683.jpg 1024w, https:\/\/mnbruchepiemont.org\/WORDPRESS\/wp-content\/uploads\/002-OK-ontime-350ppp-Molsheim-Manuel-Ginisty-martin-pecheur-768x512.jpg 768w, https:\/\/mnbruchepiemont.org\/WORDPRESS\/wp-content\/uploads\/002-OK-ontime-350ppp-Molsheim-Manuel-Ginisty-martin-pecheur-1536x1024.jpg 1536w, https:\/\/mnbruchepiemont.org\/WORDPRESS\/wp-content\/uploads\/002-OK-ontime-350ppp-Molsheim-Manuel-Ginisty-martin-pecheur-2048x1365.jpg 2048w, https:\/\/mnbruchepiemont.org\/WORDPRESS\/wp-content\/uploads\/002-OK-ontime-350ppp-Molsheim-Manuel-Ginisty-martin-pecheur-450x300.jpg 450w\" sizes=\"auto, (max-width: 300px) 100vw, 300px\" \/><\/a><br \/>\n002 &#8211; Manuel Ginisty &#8211; martin p\u00eacheur (Molsheim)<\/p>\n<p><a href=\"https:\/\/mnbruchepiemont.org\/WORDPRESS\/wp-content\/uploads\/004-OK-ontime-300ppp-Champenay-Plaine-Claudine-Lheureux-Force.jpg\"><img loading=\"lazy\" decoding=\"async\" class=\"alignnone size-medium wp-image-6393\" src=\"https:\/\/mnbruchepiemont.org\/WORDPRESS\/wp-content\/uploads\/004-OK-ontime-300ppp-Champenay-Plaine-Claudine-Lheureux-Force-200x300.jpg\" alt=\"\" width=\"200\" height=\"300\" srcset=\"https:\/\/mnbruchepiemont.org\/WORDPRESS\/wp-content\/uploads\/004-OK-ontime-300ppp-Champenay-Plaine-Claudine-Lheureux-Force-200x300.jpg 200w, https:\/\/mnbruchepiemont.org\/WORDPRESS\/wp-content\/uploads\/004-OK-ontime-300ppp-Champenay-Plaine-Claudine-Lheureux-Force-683x1024.jpg 683w, https:\/\/mnbruchepiemont.org\/WORDPRESS\/wp-content\/uploads\/004-OK-ontime-300ppp-Champenay-Plaine-Claudine-Lheureux-Force-768x1152.jpg 768w, https:\/\/mnbruchepiemont.org\/WORDPRESS\/wp-content\/uploads\/004-OK-ontime-300ppp-Champenay-Plaine-Claudine-Lheureux-Force-1024x1536.jpg 1024w, https:\/\/mnbruchepiemont.org\/WORDPRESS\/wp-content\/uploads\/004-OK-ontime-300ppp-Champenay-Plaine-Claudine-Lheureux-Force-1365x2048.jpg 1365w, https:\/\/mnbruchepiemont.org\/WORDPRESS\/wp-content\/uploads\/004-OK-ontime-300ppp-Champenay-Plaine-Claudine-Lheureux-Force.jpg 1440w\" sizes=\"auto, (max-width: 200px) 100vw, 200px\" \/><\/a><br \/>\n003 &#8211; Claudine Lheureux &#8211; Force (Champenay-Plaine)<\/p>\n<p><a href=\"https:\/\/mnbruchepiemont.org\/WORDPRESS\/wp-content\/uploads\/005-KO-ontime-180ppp-Niederhaslach-Roger-Leblan-Ancre-de-bateau-scaled.jpg\"><img loading=\"lazy\" decoding=\"async\" class=\"alignnone size-medium wp-image-6394\" src=\"https:\/\/mnbruchepiemont.org\/WORDPRESS\/wp-content\/uploads\/005-KO-ontime-180ppp-Niederhaslach-Roger-Leblan-Ancre-de-bateau-300x225.jpg\" alt=\"\" width=\"300\" height=\"225\" srcset=\"https:\/\/mnbruchepiemont.org\/WORDPRESS\/wp-content\/uploads\/005-KO-ontime-180ppp-Niederhaslach-Roger-Leblan-Ancre-de-bateau-300x225.jpg 300w, https:\/\/mnbruchepiemont.org\/WORDPRESS\/wp-content\/uploads\/005-KO-ontime-180ppp-Niederhaslach-Roger-Leblan-Ancre-de-bateau-1024x768.jpg 1024w, https:\/\/mnbruchepiemont.org\/WORDPRESS\/wp-content\/uploads\/005-KO-ontime-180ppp-Niederhaslach-Roger-Leblan-Ancre-de-bateau-768x576.jpg 768w, https:\/\/mnbruchepiemont.org\/WORDPRESS\/wp-content\/uploads\/005-KO-ontime-180ppp-Niederhaslach-Roger-Leblan-Ancre-de-bateau-1536x1152.jpg 1536w, https:\/\/mnbruchepiemont.org\/WORDPRESS\/wp-content\/uploads\/005-KO-ontime-180ppp-Niederhaslach-Roger-Leblan-Ancre-de-bateau-2048x1536.jpg 2048w, https:\/\/mnbruchepiemont.org\/WORDPRESS\/wp-content\/uploads\/005-KO-ontime-180ppp-Niederhaslach-Roger-Leblan-Ancre-de-bateau-400x300.jpg 400w\" sizes=\"auto, (max-width: 300px) 100vw, 300px\" \/><strong> 2\u00e8me prix<\/strong><\/a><br \/>\n004 &#8211; Roger Leblan &#8211; Ancre de bateau (Niederhaslach)<\/p>\n<p><a href=\"https:\/\/mnbruchepiemont.org\/WORDPRESS\/wp-content\/uploads\/006-KO-ontime-180ppp-Bruche-Roger-Leblan-Nid-de-racines-scaled.jpg\"><img loading=\"lazy\" decoding=\"async\" class=\"alignnone size-medium wp-image-6395\" src=\"https:\/\/mnbruchepiemont.org\/WORDPRESS\/wp-content\/uploads\/006-KO-ontime-180ppp-Bruche-Roger-Leblan-Nid-de-racines-300x200.jpg\" alt=\"\" width=\"300\" height=\"200\" srcset=\"https:\/\/mnbruchepiemont.org\/WORDPRESS\/wp-content\/uploads\/006-KO-ontime-180ppp-Bruche-Roger-Leblan-Nid-de-racines-300x200.jpg 300w, https:\/\/mnbruchepiemont.org\/WORDPRESS\/wp-content\/uploads\/006-KO-ontime-180ppp-Bruche-Roger-Leblan-Nid-de-racines-1024x683.jpg 1024w, https:\/\/mnbruchepiemont.org\/WORDPRESS\/wp-content\/uploads\/006-KO-ontime-180ppp-Bruche-Roger-Leblan-Nid-de-racines-768x512.jpg 768w, https:\/\/mnbruchepiemont.org\/WORDPRESS\/wp-content\/uploads\/006-KO-ontime-180ppp-Bruche-Roger-Leblan-Nid-de-racines-1536x1024.jpg 1536w, https:\/\/mnbruchepiemont.org\/WORDPRESS\/wp-content\/uploads\/006-KO-ontime-180ppp-Bruche-Roger-Leblan-Nid-de-racines-2048x1366.jpg 2048w, https:\/\/mnbruchepiemont.org\/WORDPRESS\/wp-content\/uploads\/006-KO-ontime-180ppp-Bruche-Roger-Leblan-Nid-de-racines-450x300.jpg 450w\" sizes=\"auto, (max-width: 300px) 100vw, 300px\" \/><strong> 1er prix<\/strong><\/a><br \/>\n005 &#8211; Roger Leblan &#8211; Nid de racines (Bruche)<\/p>\n<p><a href=\"https:\/\/mnbruchepiemont.org\/WORDPRESS\/wp-content\/uploads\/007-KO-ontime-096ppp-Oberhaslach-Noelle-Ropp-144-4-apres-la-tempete-Marie-Noelle-Meder-IMG_1464-scaled.jpg\"><img loading=\"lazy\" decoding=\"async\" class=\"alignnone size-medium wp-image-6396\" src=\"https:\/\/mnbruchepiemont.org\/WORDPRESS\/wp-content\/uploads\/007-KO-ontime-096ppp-Oberhaslach-Noelle-Ropp-144-4-apres-la-tempete-Marie-Noelle-Meder-IMG_1464-300x225.jpg\" alt=\"\" width=\"300\" height=\"225\" srcset=\"https:\/\/mnbruchepiemont.org\/WORDPRESS\/wp-content\/uploads\/007-KO-ontime-096ppp-Oberhaslach-Noelle-Ropp-144-4-apres-la-tempete-Marie-Noelle-Meder-IMG_1464-300x225.jpg 300w, https:\/\/mnbruchepiemont.org\/WORDPRESS\/wp-content\/uploads\/007-KO-ontime-096ppp-Oberhaslach-Noelle-Ropp-144-4-apres-la-tempete-Marie-Noelle-Meder-IMG_1464-1024x767.jpg 1024w, https:\/\/mnbruchepiemont.org\/WORDPRESS\/wp-content\/uploads\/007-KO-ontime-096ppp-Oberhaslach-Noelle-Ropp-144-4-apres-la-tempete-Marie-Noelle-Meder-IMG_1464-768x575.jpg 768w, https:\/\/mnbruchepiemont.org\/WORDPRESS\/wp-content\/uploads\/007-KO-ontime-096ppp-Oberhaslach-Noelle-Ropp-144-4-apres-la-tempete-Marie-Noelle-Meder-IMG_1464-1536x1150.jpg 1536w, https:\/\/mnbruchepiemont.org\/WORDPRESS\/wp-content\/uploads\/007-KO-ontime-096ppp-Oberhaslach-Noelle-Ropp-144-4-apres-la-tempete-Marie-Noelle-Meder-IMG_1464-2048x1534.jpg 2048w, https:\/\/mnbruchepiemont.org\/WORDPRESS\/wp-content\/uploads\/007-KO-ontime-096ppp-Oberhaslach-Noelle-Ropp-144-4-apres-la-tempete-Marie-Noelle-Meder-IMG_1464-401x300.jpg 401w\" sizes=\"auto, (max-width: 300px) 100vw, 300px\" \/><strong> 3\u00e8me prix<\/strong><\/a><br \/>\n006 &#8211; Noelle Ropp &#8211; 144,4&#8230; apr\u00e8s la temp\u00eate (Oberhaslach)<\/p>\n<p><a href=\"https:\/\/mnbruchepiemont.org\/WORDPRESS\/wp-content\/uploads\/008-OK-ontime-300ppp-foret-de-Haslach-Aime-Wendling-un-monde-etrange-se-revelle-DSC_0924-scaled.jpg\"><img loading=\"lazy\" decoding=\"async\" class=\"alignnone size-medium wp-image-6397\" src=\"https:\/\/mnbruchepiemont.org\/WORDPRESS\/wp-content\/uploads\/008-OK-ontime-300ppp-foret-de-Haslach-Aime-Wendling-un-monde-etrange-se-revelle-DSC_0924-300x199.jpg\" alt=\"\" width=\"300\" height=\"199\" srcset=\"https:\/\/mnbruchepiemont.org\/WORDPRESS\/wp-content\/uploads\/008-OK-ontime-300ppp-foret-de-Haslach-Aime-Wendling-un-monde-etrange-se-revelle-DSC_0924-300x199.jpg 300w, https:\/\/mnbruchepiemont.org\/WORDPRESS\/wp-content\/uploads\/008-OK-ontime-300ppp-foret-de-Haslach-Aime-Wendling-un-monde-etrange-se-revelle-DSC_0924-1024x681.jpg 1024w, https:\/\/mnbruchepiemont.org\/WORDPRESS\/wp-content\/uploads\/008-OK-ontime-300ppp-foret-de-Haslach-Aime-Wendling-un-monde-etrange-se-revelle-DSC_0924-768x511.jpg 768w, https:\/\/mnbruchepiemont.org\/WORDPRESS\/wp-content\/uploads\/008-OK-ontime-300ppp-foret-de-Haslach-Aime-Wendling-un-monde-etrange-se-revelle-DSC_0924-1536x1021.jpg 1536w, https:\/\/mnbruchepiemont.org\/WORDPRESS\/wp-content\/uploads\/008-OK-ontime-300ppp-foret-de-Haslach-Aime-Wendling-un-monde-etrange-se-revelle-DSC_0924-2048x1362.jpg 2048w, https:\/\/mnbruchepiemont.org\/WORDPRESS\/wp-content\/uploads\/008-OK-ontime-300ppp-foret-de-Haslach-Aime-Wendling-un-monde-etrange-se-revelle-DSC_0924-451x300.jpg 451w\" sizes=\"auto, (max-width: 300px) 100vw, 300px\" \/><\/a><br \/>\n007 &#8211; Aim\u00e9 Wendling &#8211; un monde \u00e9trange se r\u00e9velle (for\u00eat de Haslach)<\/p>\n<p><a href=\"https:\/\/mnbruchepiemont.org\/WORDPRESS\/wp-content\/uploads\/009-OK-ontime-300ppp-foret-de-Haslach-Aime-Wendling-un-arbre-en-marche-DSC_0926-scaled.jpg\"><img loading=\"lazy\" decoding=\"async\" class=\"alignnone size-medium wp-image-6398\" src=\"https:\/\/mnbruchepiemont.org\/WORDPRESS\/wp-content\/uploads\/009-OK-ontime-300ppp-foret-de-Haslach-Aime-Wendling-un-arbre-en-marche-DSC_0926-300x199.jpg\" alt=\"\" width=\"300\" height=\"199\" srcset=\"https:\/\/mnbruchepiemont.org\/WORDPRESS\/wp-content\/uploads\/009-OK-ontime-300ppp-foret-de-Haslach-Aime-Wendling-un-arbre-en-marche-DSC_0926-300x199.jpg 300w, https:\/\/mnbruchepiemont.org\/WORDPRESS\/wp-content\/uploads\/009-OK-ontime-300ppp-foret-de-Haslach-Aime-Wendling-un-arbre-en-marche-DSC_0926-1024x681.jpg 1024w, https:\/\/mnbruchepiemont.org\/WORDPRESS\/wp-content\/uploads\/009-OK-ontime-300ppp-foret-de-Haslach-Aime-Wendling-un-arbre-en-marche-DSC_0926-768x511.jpg 768w, https:\/\/mnbruchepiemont.org\/WORDPRESS\/wp-content\/uploads\/009-OK-ontime-300ppp-foret-de-Haslach-Aime-Wendling-un-arbre-en-marche-DSC_0926-1536x1021.jpg 1536w, https:\/\/mnbruchepiemont.org\/WORDPRESS\/wp-content\/uploads\/009-OK-ontime-300ppp-foret-de-Haslach-Aime-Wendling-un-arbre-en-marche-DSC_0926-2048x1362.jpg 2048w, https:\/\/mnbruchepiemont.org\/WORDPRESS\/wp-content\/uploads\/009-OK-ontime-300ppp-foret-de-Haslach-Aime-Wendling-un-arbre-en-marche-DSC_0926-451x300.jpg 451w\" sizes=\"auto, (max-width: 300px) 100vw, 300px\" \/><\/a><br \/>\n008 &#8211; Aim\u00e9 Wendling &#8211; un arbre en marche (for\u00eat de Haslach)<\/p>\n<p><a href=\"https:\/\/mnbruchepiemont.org\/WORDPRESS\/wp-content\/uploads\/010-KO-ontime-180ppp-Obernai-Jean-Bleesz-Au-Parc-du-chateau-de-Hell-a-Obernai-2025-10-02-064-scaled.jpg\"><img loading=\"lazy\" decoding=\"async\" class=\"alignnone size-medium wp-image-6399\" src=\"https:\/\/mnbruchepiemont.org\/WORDPRESS\/wp-content\/uploads\/010-KO-ontime-180ppp-Obernai-Jean-Bleesz-Au-Parc-du-chateau-de-Hell-a-Obernai-2025-10-02-064-300x225.jpg\" alt=\"\" width=\"300\" height=\"225\" srcset=\"https:\/\/mnbruchepiemont.org\/WORDPRESS\/wp-content\/uploads\/010-KO-ontime-180ppp-Obernai-Jean-Bleesz-Au-Parc-du-chateau-de-Hell-a-Obernai-2025-10-02-064-300x225.jpg 300w, https:\/\/mnbruchepiemont.org\/WORDPRESS\/wp-content\/uploads\/010-KO-ontime-180ppp-Obernai-Jean-Bleesz-Au-Parc-du-chateau-de-Hell-a-Obernai-2025-10-02-064-1024x768.jpg 1024w, https:\/\/mnbruchepiemont.org\/WORDPRESS\/wp-content\/uploads\/010-KO-ontime-180ppp-Obernai-Jean-Bleesz-Au-Parc-du-chateau-de-Hell-a-Obernai-2025-10-02-064-768x576.jpg 768w, https:\/\/mnbruchepiemont.org\/WORDPRESS\/wp-content\/uploads\/010-KO-ontime-180ppp-Obernai-Jean-Bleesz-Au-Parc-du-chateau-de-Hell-a-Obernai-2025-10-02-064-1536x1152.jpg 1536w, https:\/\/mnbruchepiemont.org\/WORDPRESS\/wp-content\/uploads\/010-KO-ontime-180ppp-Obernai-Jean-Bleesz-Au-Parc-du-chateau-de-Hell-a-Obernai-2025-10-02-064-2048x1536.jpg 2048w, https:\/\/mnbruchepiemont.org\/WORDPRESS\/wp-content\/uploads\/010-KO-ontime-180ppp-Obernai-Jean-Bleesz-Au-Parc-du-chateau-de-Hell-a-Obernai-2025-10-02-064-400x300.jpg 400w\" sizes=\"auto, (max-width: 300px) 100vw, 300px\" \/><\/a><br \/>\n009 &#8211; Jean Bleesz &#8211; Au Parc du ch\u00e2teau de Hell (Obernai)<\/p>\n<p><a href=\"https:\/\/mnbruchepiemont.org\/WORDPRESS\/wp-content\/uploads\/011-OK-ontime-300ppp-Hohenstein\u2013Oberhaslach-Sebastien-Woehl-Racines-Monumentales-DSC_7375f-scaled.jpg\"><img loading=\"lazy\" decoding=\"async\" class=\"alignnone size-medium wp-image-6400\" src=\"https:\/\/mnbruchepiemont.org\/WORDPRESS\/wp-content\/uploads\/011-OK-ontime-300ppp-Hohenstein\u2013Oberhaslach-Sebastien-Woehl-Racines-Monumentales-DSC_7375f-200x300.jpg\" alt=\"\" width=\"200\" height=\"300\" srcset=\"https:\/\/mnbruchepiemont.org\/WORDPRESS\/wp-content\/uploads\/011-OK-ontime-300ppp-Hohenstein\u2013Oberhaslach-Sebastien-Woehl-Racines-Monumentales-DSC_7375f-200x300.jpg 200w, https:\/\/mnbruchepiemont.org\/WORDPRESS\/wp-content\/uploads\/011-OK-ontime-300ppp-Hohenstein\u2013Oberhaslach-Sebastien-Woehl-Racines-Monumentales-DSC_7375f-681x1024.jpg 681w, https:\/\/mnbruchepiemont.org\/WORDPRESS\/wp-content\/uploads\/011-OK-ontime-300ppp-Hohenstein\u2013Oberhaslach-Sebastien-Woehl-Racines-Monumentales-DSC_7375f-768x1154.jpg 768w, https:\/\/mnbruchepiemont.org\/WORDPRESS\/wp-content\/uploads\/011-OK-ontime-300ppp-Hohenstein\u2013Oberhaslach-Sebastien-Woehl-Racines-Monumentales-DSC_7375f-1022x1536.jpg 1022w, https:\/\/mnbruchepiemont.org\/WORDPRESS\/wp-content\/uploads\/011-OK-ontime-300ppp-Hohenstein\u2013Oberhaslach-Sebastien-Woehl-Racines-Monumentales-DSC_7375f-1363x2048.jpg 1363w, https:\/\/mnbruchepiemont.org\/WORDPRESS\/wp-content\/uploads\/011-OK-ontime-300ppp-Hohenstein\u2013Oberhaslach-Sebastien-Woehl-Racines-Monumentales-DSC_7375f-scaled.jpg 1703w\" sizes=\"auto, (max-width: 200px) 100vw, 200px\" \/><\/a><br \/>\n010 &#8211; S\u00e9bastien Woehl &#8211; Racines Monumentales (Hohenstein\u2013Oberhaslach)<\/p>\n<p><a href=\"https:\/\/mnbruchepiemont.org\/WORDPRESS\/wp-content\/uploads\/012-KO-ontime-180ppp-Ottrot-Jean-Bleesz-Le-parc-du-Domaine-de-Windeck-a-Ottrot-2025-10-04-083-scaled.jpg\"><img loading=\"lazy\" decoding=\"async\" class=\"alignnone size-medium wp-image-6401\" src=\"https:\/\/mnbruchepiemont.org\/WORDPRESS\/wp-content\/uploads\/012-KO-ontime-180ppp-Ottrot-Jean-Bleesz-Le-parc-du-Domaine-de-Windeck-a-Ottrot-2025-10-04-083-300x225.jpg\" alt=\"\" width=\"300\" height=\"225\" srcset=\"https:\/\/mnbruchepiemont.org\/WORDPRESS\/wp-content\/uploads\/012-KO-ontime-180ppp-Ottrot-Jean-Bleesz-Le-parc-du-Domaine-de-Windeck-a-Ottrot-2025-10-04-083-300x225.jpg 300w, https:\/\/mnbruchepiemont.org\/WORDPRESS\/wp-content\/uploads\/012-KO-ontime-180ppp-Ottrot-Jean-Bleesz-Le-parc-du-Domaine-de-Windeck-a-Ottrot-2025-10-04-083-1024x768.jpg 1024w, https:\/\/mnbruchepiemont.org\/WORDPRESS\/wp-content\/uploads\/012-KO-ontime-180ppp-Ottrot-Jean-Bleesz-Le-parc-du-Domaine-de-Windeck-a-Ottrot-2025-10-04-083-768x576.jpg 768w, https:\/\/mnbruchepiemont.org\/WORDPRESS\/wp-content\/uploads\/012-KO-ontime-180ppp-Ottrot-Jean-Bleesz-Le-parc-du-Domaine-de-Windeck-a-Ottrot-2025-10-04-083-1536x1152.jpg 1536w, https:\/\/mnbruchepiemont.org\/WORDPRESS\/wp-content\/uploads\/012-KO-ontime-180ppp-Ottrot-Jean-Bleesz-Le-parc-du-Domaine-de-Windeck-a-Ottrot-2025-10-04-083-2048x1536.jpg 2048w, https:\/\/mnbruchepiemont.org\/WORDPRESS\/wp-content\/uploads\/012-KO-ontime-180ppp-Ottrot-Jean-Bleesz-Le-parc-du-Domaine-de-Windeck-a-Ottrot-2025-10-04-083-400x300.jpg 400w\" sizes=\"auto, (max-width: 300px) 100vw, 300px\" \/><\/a><br \/>\n011 &#8211; Jean Bleesz &#8211; Le parc du Domaine de Windeck (Ottrott)<\/p>\n","protected":false},"excerpt":{"rendered":"<p>&#8211; 1er (photo 005): nid de racines (Roger Leblanc) &#8211; 2e (photo 004) ancre de bateau (Roger Leblanc) &#8211; 3e (photo 006): 144,4&#8230;apr\u00e8s la temp\u00eate (No\u00eblle Ropp) 001 &#8211; Manuel Ginisty &#8211; pic \u00e9peiche (Still ) 002 &#8211; Manuel Ginisty &hellip; <a href=\"https:\/\/mnbruchepiemont.org\/?page_id=6402\">Continuer la lecture <span class=\"meta-nav\">&rarr;<\/span><\/a><\/p>\n","protected":false},"author":8,"featured_media":0,"parent":0,"menu_order":0,"comment_status":"closed","ping_status":"closed","template":"","meta":{"footnotes":""},"class_list":["post-6402","page","type-page","status-publish","hentry"],"_links":{"self":[{"href":"https:\/\/mnbruchepiemont.org\/index.php?rest_route=\/wp\/v2\/pages\/6402","targetHints":{"allow":["GET"]}}],"collection":[{"href":"https:\/\/mnbruchepiemont.org\/index.php?rest_route=\/wp\/v2\/pages"}],"about":[{"href":"https:\/\/mnbruchepiemont.org\/index.php?rest_route=\/wp\/v2\/types\/page"}],"author":[{"embeddable":true,"href":"https:\/\/mnbruchepiemont.org\/index.php?rest_route=\/wp\/v2\/users\/8"}],"replies":[{"embeddable":true,"href":"https:\/\/mnbruchepiemont.org\/index.php?rest_route=%2Fwp%2Fv2%2Fcomments&post=6402"}],"version-history":[{"count":10,"href":"https:\/\/mnbruchepiemont.org\/index.php?rest_route=\/wp\/v2\/pages\/6402\/revisions"}],"predecessor-version":[{"id":6472,"href":"https:\/\/mnbruchepiemont.org\/index.php?rest_route=\/wp\/v2\/pages\/6402\/revisions\/6472"}],"wp:attachment":[{"href":"https:\/\/mnbruchepiemont.org\/index.php?rest_route=%2Fwp%2Fv2%2Fmedia&parent=6402"}],"curies":[{"name":"wp","href":"https:\/\/api.w.org\/{rel}","templated":true}]}}